{"id":222462,"date":"2024-08-26T11:39:51","date_gmt":"2024-08-26T09:39:51","guid":{"rendered":"https:\/\/www.qxworld.eu\/events\/seasonal-series-welcome-to-our-late-summer-vitality-webinar\/"},"modified":"2024-08-30T12:57:15","modified_gmt":"2024-08-30T10:57:15","slug":"seasonal-series-welcome-to-our-summer-rediance-webinar-2","status":"publish","type":"ajde_events","link":"https:\/\/www.qxworld.eu\/sv\/blog\/events\/seasonal-series-welcome-to-our-late-summer-vitality-webinar\/","title":{"rendered":"S\u00e4songsserie - V\u00e4lkommen till v\u00e5rt webbseminarium om Vitality p\u00e5 sensommaren!"},"content":{"rendered":"<p id=\"agenda\">V\u00e4lkommen till v\u00e5rt webbseminarium om Vitality p\u00e5 sensommaren!<br><br>N\u00e4r \u00e5rstiderna v\u00e4xlar och naturen n\u00e5r en balanspunkt befinner vi oss i den unika fasen av sensommaren. I dagens webbinarium utforskar vi principerna f\u00f6r traditionell kinesisk medicin (TCM) och f\u00f6rdjupar oss i sensommarens betydelse f\u00f6r v\u00e5rt v\u00e4lbefinnande.<br><br>Sensommaren \u00e4r f\u00f6rknippad med jordelementet i TCM och symboliserar en period av \u00f6verfl\u00f6d, n\u00e4ring och balans. Detta \u00e4r den tid d\u00e5 energin i jordelementet \u00e4r dominerande och mj\u00e4lte- och magorganen st\u00e5r i centrum. Att f\u00f6rst\u00e5 hur man kan st\u00f6dja dessa organ under denna s\u00e4song \u00e4r nyckeln till att fr\u00e4mja vitalitet och v\u00e4lbefinnande.<br><br>Inom TCM \u00e4r sensommaren en tid f\u00f6r grundning och centrering. Det \u00e4r en \u00f6verg\u00e5ngsfas mellan sommarens expansiva energi och h\u00f6stens sammandragande energi. Genom att anpassa v\u00e5ra vanor och v\u00e5r kost efter TCM:s principer kan vi f\u00f6rb\u00e4ttra v\u00e5r matsm\u00e4ltningsh\u00e4lsa och v\u00e5rt allm\u00e4nna v\u00e4lbefinnande under denna viktiga \u00e5rstid.<br><br>F\u00f6lj med n\u00e4r vi utforskar den n\u00e4rande kraften i sensommarens mat och TCM-metoder som kan v\u00e4gleda oss mot optimal h\u00e4lsa. L\u00e5t oss utnyttja s\u00e4songens vitalitet och odla en k\u00e4nsla av balans och \u00f6verfl\u00f6d i sinne, kropp och sj\u00e4l.<br><br>L\u00e5t oss tillsammans ta vara p\u00e5 sensommarens vitalitet och ge oss sj\u00e4lva n\u00e4ring inf\u00f6r kommande s\u00e4songer!<\/p>","protected":false},"author":530,"featured_media":224159,"menu_order":0,"comment_status":"closed","ping_status":"closed","template":"","meta":{"_acf_changed":false,"_seopress_robots_primary_cat":"","_seopress_titles_title":"","_seopress_titles_desc":"","_seopress_robots_index":""},"tags":[],"event_type":[194,98],"event_type_2":[],"class_list":["post-222462","ajde_events","type-ajde_events","status-publish","has-post-thumbnail","hentry","event_speaker-dr-igor-cetojevic","event_speaker-margret-margretardottir","event_type-seasonal-series","event_type-webinars"],"acf":[],"_links":{"self":[{"href":"https:\/\/www.qxworld.eu\/sv\/wp-json\/wp\/v2\/ajde_events\/222462","targetHints":{"allow":["GET"]}}],"collection":[{"href":"https:\/\/www.qxworld.eu\/sv\/wp-json\/wp\/v2\/ajde_events"}],"about":[{"href":"https:\/\/www.qxworld.eu\/sv\/wp-json\/wp\/v2\/types\/ajde_events"}],"author":[{"embeddable":true,"href":"https:\/\/www.qxworld.eu\/sv\/wp-json\/wp\/v2\/users\/530"}],"replies":[{"embeddable":true,"href":"https:\/\/www.qxworld.eu\/sv\/wp-json\/wp\/v2\/comments?post=222462"}],"wp:featuredmedia":[{"embeddable":true,"href":"https:\/\/www.qxworld.eu\/sv\/wp-json\/wp\/v2\/media\/224159"}],"wp:attachment":[{"href":"https:\/\/www.qxworld.eu\/sv\/wp-json\/wp\/v2\/media?parent=222462"}],"wp:term":[{"taxonomy":"post_tag","embeddable":true,"href":"https:\/\/www.qxworld.eu\/sv\/wp-json\/wp\/v2\/tags?post=222462"},{"taxonomy":"event_type","embeddable":true,"href":"https:\/\/www.qxworld.eu\/sv\/wp-json\/wp\/v2\/event_type?post=222462"},{"taxonomy":"event_type_2","embeddable":true,"href":"https:\/\/www.qxworld.eu\/sv\/wp-json\/wp\/v2\/event_type_2?post=222462"}],"curies":[{"name":"wp","href":"https:\/\/api.w.org\/{rel}","templated":true}]}}