{"id":222520,"date":"2024-08-26T14:56:35","date_gmt":"2024-08-26T12:56:35","guid":{"rendered":"https:\/\/www.qxworld.eu\/events\/seasonal-series-welcome-to-our-autumn-vitality-webinar\/"},"modified":"2024-08-26T14:59:39","modified_gmt":"2024-08-26T12:59:39","slug":"sasongsserie-valkommen-till-vart-webbinarium-om-sommarutstralning-3","status":"publish","type":"ajde_events","link":"https:\/\/www.qxworld.eu\/sv\/blog\/events\/seasonal-series-welcome-to-our-autumn-vitality-webinar\/","title":{"rendered":"Seasonal Series - V\u00e4lkommen till v\u00e5rt webbseminarium om h\u00f6stens vitalitet!"},"content":{"rendered":"<p id=\"agenda\">N\u00e4r l\u00f6ven b\u00f6rjar falla och naturen f\u00f6rbereder sig f\u00f6r en period av introspektion, inbjuder h\u00f6sten oss att omfamna f\u00f6r\u00e4ndring och hitta balans mitt i omvandlingen. I dagens webbinarium utforskar vi principerna f\u00f6r traditionell kinesisk medicin (TCM) f\u00f6r att uppt\u00e4cka hur vi kan anpassa v\u00e5rt v\u00e4lbefinnande till h\u00f6stens essens.<br><br>H\u00f6sten \u00e4r f\u00f6rknippad med metallelementet i TCM och symboliserar f\u00f6r\u00e4dling, att sl\u00e4ppa taget och vikten av att uppr\u00e4tth\u00e5lla balans. Lungorna och tjocktarmen \u00e4r de organ som \u00e4r kopplade till den h\u00e4r \u00e5rstiden och v\u00e4gleder oss till att odla motst\u00e5ndskraft och klarhet n\u00e4r vi navigerar i de naturliga cyklerna av f\u00f6r\u00e4ndring.<br><br>Inom ramen f\u00f6r Yin och Yang inneb\u00e4r h\u00f6sten en \u00f6verg\u00e5ng fr\u00e5n sommarens expansiva Yang-energi till den sammandragande Yin-energin. Det \u00e4r dags att ge kroppen n\u00e4ring med v\u00e4rmande mat och st\u00f6dja lungornas viktiga roll f\u00f6r att fr\u00e4mja vitalitet och motst\u00e5ndskraft.<br><br>F\u00f6lj med n\u00e4r vi utforskar den n\u00e4rande kraften i h\u00f6stens livsmedel och de TCM-principer som kan v\u00e4gleda oss mot optimalt v\u00e4lbefinnande under denna \u00e5rstid av f\u00f6r\u00e4ndring. L\u00e5t oss omfamna h\u00f6stens naturliga rytmer och hitta harmoni i sinne, kropp och sj\u00e4l.<br><br>L\u00e5t oss tillsammans v\u00e4lkomna h\u00f6stvindarna och odla en k\u00e4nsla av balans och harmoni!<\/p>","protected":false},"author":530,"featured_media":222521,"menu_order":0,"comment_status":"closed","ping_status":"closed","template":"","meta":{"_acf_changed":false,"_seopress_robots_primary_cat":"","_seopress_titles_title":"","_seopress_titles_desc":"","_seopress_robots_index":""},"tags":[],"event_type":[194,98],"event_type_2":[],"class_list":["post-222520","ajde_events","type-ajde_events","status-publish","has-post-thumbnail","hentry","event_speaker-dr-igor-cetojevic","event_speaker-margret-margretardottir","event_type-seasonal-series","event_type-webinars"],"acf":[],"_links":{"self":[{"href":"https:\/\/www.qxworld.eu\/sv\/wp-json\/wp\/v2\/ajde_events\/222520","targetHints":{"allow":["GET"]}}],"collection":[{"href":"https:\/\/www.qxworld.eu\/sv\/wp-json\/wp\/v2\/ajde_events"}],"about":[{"href":"https:\/\/www.qxworld.eu\/sv\/wp-json\/wp\/v2\/types\/ajde_events"}],"author":[{"embeddable":true,"href":"https:\/\/www.qxworld.eu\/sv\/wp-json\/wp\/v2\/users\/530"}],"replies":[{"embeddable":true,"href":"https:\/\/www.qxworld.eu\/sv\/wp-json\/wp\/v2\/comments?post=222520"}],"wp:featuredmedia":[{"embeddable":true,"href":"https:\/\/www.qxworld.eu\/sv\/wp-json\/wp\/v2\/media\/222521"}],"wp:attachment":[{"href":"https:\/\/www.qxworld.eu\/sv\/wp-json\/wp\/v2\/media?parent=222520"}],"wp:term":[{"taxonomy":"post_tag","embeddable":true,"href":"https:\/\/www.qxworld.eu\/sv\/wp-json\/wp\/v2\/tags?post=222520"},{"taxonomy":"event_type","embeddable":true,"href":"https:\/\/www.qxworld.eu\/sv\/wp-json\/wp\/v2\/event_type?post=222520"},{"taxonomy":"event_type_2","embeddable":true,"href":"https:\/\/www.qxworld.eu\/sv\/wp-json\/wp\/v2\/event_type_2?post=222520"}],"curies":[{"name":"wp","href":"https:\/\/api.w.org\/{rel}","templated":true}]}}